{"id":5,"date":"2012-11-08T18:52:04","date_gmt":"2012-11-08T16:52:04","guid":{"rendered":"http:\/\/verena-troester.de.dd10526.kasserver.com\/wordpress\/?page_id=5"},"modified":"2025-08-17T11:42:37","modified_gmt":"2025-08-17T09:42:37","slug":"startseite","status":"publish","type":"page","link":"http:\/\/verena-troester.de\/","title":{"rendered":"Was kann ich Ihnen erz\u00e4hlen?"},"content":{"rendered":"<p>Vielleicht, dass ich immer schon am Mikrofon sitzen wollte. Dass ich die Aufregung toll finde, wenn die OnAir-Lampe leuchtet, wenn ich wei\u00df: Das ist jetzt live, daf\u00fcr gibt es keine zweite Chance. Dass ich gerne die Menschen in den Tag begleite, sie wecke, sie informiere und unterhalte.<\/p>\n<p>Oder, dass ich immer wieder erstaunt bin, wie viele tolle Radiothemen da drau\u00dfen auf mich warten! Dass ich f\u00fcr Deutschlandfunk und WDR gesellschaftspolitische Themen in den Blick nehme, dass ich es liebe dabei immer wieder Menschen zu treffen, die mir Ihre Geschichten erz\u00e4hlen. Dass ich im Journalistenb\u00fcro punkt-um in K\u00f6ln an meinen Beitr\u00e4gen und Reportagen arbeite. Dass ich dort auch Medienseminare gebe, um Menschen zu zeigen, wie man ein Radiointerview gibt.<\/p>\n<p>Vielleicht, dass ich auch immer wieder auf B\u00fchnen stehe und Veranstaltungen moderiere &#8211; zum Beispiel ein Autorensofa auf der Frankfurter Buchmesse.<\/p>\n<p>Dass ich mich in der Stadt am Dom unheimlich wohl f\u00fchle und gerne Karneval feiere. Dass ich sozusagen bi-regional veranlagt bin und auch immer wieder gerne in meine Heimat, das sch\u00f6ne Sauerland, fahre.<\/p>\n<p>Ja, das kann ich Ihnen erz\u00e4hlen.<\/p>\n","protected":false},"excerpt":{"rendered":"<p>Vielleicht, dass ich immer schon am Mikrofon sitzen wollte. Dass ich die Aufregung toll finde, wenn die OnAir-Lampe leuchtet, wenn ich wei\u00df: Das ist jetzt live, daf\u00fcr gibt es keine zweite Chance. Dass ich gerne die Menschen in den Tag begleite, sie wecke, sie informiere und unterhalte. Oder, dass ich immer wieder erstaunt bin, wie [&hellip;]<\/p>\n","protected":false},"author":1,"featured_media":371,"parent":0,"menu_order":1,"comment_status":"open","ping_status":"closed","template":"","meta":[],"_links":{"self":[{"href":"http:\/\/verena-troester.de\/index.php?rest_route=\/wp\/v2\/pages\/5"}],"collection":[{"href":"http:\/\/verena-troester.de\/index.php?rest_route=\/wp\/v2\/pages"}],"about":[{"href":"http:\/\/verena-troester.de\/index.php?rest_route=\/wp\/v2\/types\/page"}],"author":[{"embeddable":true,"href":"http:\/\/verena-troester.de\/index.php?rest_route=\/wp\/v2\/users\/1"}],"replies":[{"embeddable":true,"href":"http:\/\/verena-troester.de\/index.php?rest_route=%2Fwp%2Fv2%2Fcomments&post=5"}],"version-history":[{"count":25,"href":"http:\/\/verena-troester.de\/index.php?rest_route=\/wp\/v2\/pages\/5\/revisions"}],"predecessor-version":[{"id":304,"href":"http:\/\/verena-troester.de\/index.php?rest_route=\/wp\/v2\/pages\/5\/revisions\/304"}],"wp:featuredmedia":[{"embeddable":true,"href":"http:\/\/verena-troester.de\/index.php?rest_route=\/wp\/v2\/media\/371"}],"wp:attachment":[{"href":"http:\/\/verena-troester.de\/index.php?rest_route=%2Fwp%2Fv2%2Fmedia&parent=5"}],"curies":[{"name":"wp","href":"https:\/\/api.w.org\/{rel}","templated":true}]}}